{"id":155,"date":"2018-03-22T16:52:28","date_gmt":"2018-03-22T15:52:28","guid":{"rendered":"https:\/\/www.printempscoreen.com\/?page_id=155"},"modified":"2021-05-11T14:43:54","modified_gmt":"2021-05-11T12:43:54","slug":"actus","status":"publish","type":"page","link":"https:\/\/www.printempscoreen.com\/KO\/actus\/","title":{"rendered":"Actus"},"content":{"rendered":"<p><section class=\"kc-elm kc-css-705663 kc_row\"><div class=\"kc-row-container  kc-container\"><div class=\"kc-wrap-columns\"><div class=\"kc-elm kc-css-384304 kc_col-sm-12 kc_column kc_col-sm-12\"><div class=\"kc-col-container\">\n<div class=\"kc-elm kc-css-382404 kc-title-wrap \">\n\n\t<h1 class=\"kc_title\">Actualit\u00e9s<\/h1>\n<\/div>\n\n<div class=\"kc-elm kc-css-538162 kc-blog-posts kc-blog-posts-2 kc-image-align-both\">\n\t\n\t\t\n\t\t\t\t<div class=\"kc-list-item-2\">\n\n\t\t\t\t\t\n\t\t\t\t\t\t<div class=\"post-item-left\">\n\t\t\t\t\t\t\t<div class=\"post_details\">\n\t\t\t\t\t\t\t\t<h2 class=\"post-title-alt\"><a\n\t\t\t\t\t\t\t\t\t\thref=\"https:\/\/www.printempscoreen.com\/KO\/non-classe\/3e-edition-nantco-festival-du-film-coreen\/\"\n\t\t\t\t\t\t\t\t\t\ttitle=\"3\u00e8 \u00e9dition NantCo : festival du film cor\u00e9en\">3\u00e8 \u00e9dition NantCo : festival du film cor\u00e9en<\/a>\n\t\t\t\t\t\t\t\t<\/h2>\n\t\t\t\t\t\t\t\t\t\t\t\t\t\t\t\t\t<div class=\"post-meta\">\n\t\t\t\t\t\t\t\t\t\t\t\t\t\t\t\t\t\t\t\t\t\t\t\t\t\t\t\t\t\t\t<span class=\"post-date\"><i class=\"fa fa-clock-o\"><\/i> <a\n\t\t\t\t\t\t\t\t\t\t\t\thref=\"https:\/\/www.printempscoreen.com\/KO\/2024\/03\/\">March 7 2024<\/a> <\/span>\n\t\t\t\t\t\t\t\t\t\t\t\t\t\t\t\t\t\t\t\t\t\t\t\t\t\t\t\t\t<\/div>\n\t\t\t\t\t\t\t\t\t\t\t\t\t\t\t<\/div>\n\t\t\t\t\t\t\t\t\t\t\t\t\t\t\t<p>https:\/\/youtu.be\/K1W64WTNpK4 Le festival NantCo, d\u00e9di\u00e9 au cin\u00e9ma cor\u00e9en, se veut accessible au plus grand nombre et propose donc une programmation vari\u00e9e qui satisfait la curiosit\u00e9 du public nantais pour la cr\u00e9ation cin\u00e9matographique cor\u00e9enne. La programmation&hellip;<\/p>\n\t\t\t\t\t\t\t\t\t\t\t\t\t\t<a href=\"https:\/\/www.printempscoreen.com\/KO\/non-classe\/3e-edition-nantco-festival-du-film-coreen\/\"\n\t\t\t\t\t\t\t   class=\"kc-post-2-button\">Lire la suite <i\n\t\t\t\t\t\t\t\t\tclass=\"fa fa-angle-right\" aria-hidden=\"true\"><\/i><\/a>\n\t\t\t\t\t\t\t\t\t\t\t\t\t<\/div>\n\t\t\t\t\t\t<div class=\"post-item-right\">\n\t\t\t\t\t\t\t<figure>\n\t\t\t\t\t\t\t\t<img decoding=\"async\" src=\"https:\/\/www.printempscoreen.com\/wp-content\/uploads\/2024\/03\/the-night-owl_8-scaled-543x304xct.jpeg\"\n\t\t\t\t\t\t\t\t     alt=\"3\u00e8 \u00e9dition NantCo : festival du film cor\u00e9en\">\n\t\t\t\t\t\t\t<\/figure>\n\t\t\t\t\t\t<\/div>\n\n\t\t\t\t\t\n\t\t\t\t<\/div>\n\n\t\t\t\t\n\t\t\t\t<div class=\"kc-list-item-2\">\n\n\t\t\t\t\t\t\t\t\t\t\t\t\t\t\t\t\t\t<div class=\"post-item-left\">\n\t\t\t\t\t\t\t\t<figure>\n\t\t\t\t\t\t\t\t\t<img decoding=\"async\" src=\"https:\/\/www.printempscoreen.com\/wp-content\/uploads\/2023\/08\/03_Openig-Oneul_TeissierDSC_0213-1024x683.jpg\"\n\t\t\t\t\t\t\t\t\t     alt=\"Regards dans le r\u00e9tro\">\n\t\t\t\t\t\t\t\t<\/figure>\n\t\t\t\t\t\t\t<\/div>\n\t\t\t\t\t\t\t\t\t\t\t\t<div class=\"post-item-right\">\n\t\t\t\t\t\t\t<div class=\"post_details\">\n\t\t\t\t\t\t\t\t<h2 class=\"post-title-alt\"><a\n\t\t\t\t\t\t\t\t\t\thref=\"https:\/\/www.printempscoreen.com\/KO\/non-classe\/regards-dans-le-retro\/\"\n\t\t\t\t\t\t\t\t\t\ttitle=\"Regards dans le r\u00e9tro\">Regards dans le r\u00e9tro<\/a>\n\t\t\t\t\t\t\t\t<\/h2>\n\n\t\t\t\t\t\t\t\t\t\t\t\t\t\t\t\t\t<div class=\"post-meta\">\n\t\t\t\t\t\t\t\t\t\t\t\t\t\t\t\t\t\t\t\t\t\t\t\t\t\t\t\t\t\t\t<span class=\"post-date\"><i class=\"fa fa-clock-o\"><\/i> <a\n\t\t\t\t\t\t\t\t\t\t\t\thref=\"https:\/\/www.printempscoreen.com\/KO\/2023\/08\/\">August 29 2023<\/a> <\/span>\n\t\t\t\t\t\t\t\t\t\t\t\t\t\t\t\t\t\t\t\t\t\t\t\t\t\t\t\t\t<\/div>\n\t\t\t\t\t\t\t\t\t\t\t\t\t\t\t<\/div>\n\t\t\t\t\t\t\t\t\t\t\t\t\t\t\t<p>La 10\u00e8 \u00e9dition du festival a \u00e9t\u00e9 riche en \u00e9v\u00e9nements, en \u00e9motions et en belles rencontres. Concert du groupe Oneul \u00e0 l'ouverture Festival Printemps Cor\u00e9en - 10\u00e8 \u00e9dition https:\/\/youtu.be\/FHENwXAwZN0<\/p>\n\t\t\t\t\t\t\t\t\t\t\t\t\t\t<a href=\"https:\/\/www.printempscoreen.com\/KO\/non-classe\/regards-dans-le-retro\/\"\n\t\t\t\t\t\t\t   class=\"kc-post-2-button\">Lire la suite <i\n\t\t\t\t\t\t\t\t\tclass=\"fa fa-angle-right\" aria-hidden=\"true\"><\/i><\/a>\n\t\t\t\t\t\t\t\t\t\t\t\t\t<\/div>\n\n\t\t\t\t\t\n\t\t\t\t<\/div>\n\n\t\t\t\t\n\t\t\t\t<div class=\"kc-list-item-2\">\n\n\t\t\t\t\t\n\t\t\t\t\t\t<div class=\"post-item-left\">\n\t\t\t\t\t\t\t<div class=\"post_details\">\n\t\t\t\t\t\t\t\t<h2 class=\"post-title-alt\"><a\n\t\t\t\t\t\t\t\t\t\thref=\"https:\/\/www.printempscoreen.com\/KO\/non-classe\/festival-du-film-coreen-nant-co-2e-edition\/\"\n\t\t\t\t\t\t\t\t\t\ttitle=\"(Fran\u00e7ais) Festival du Film Cor\u00e9en Nant\/Co : 2\u00e8 \u00e9dition\">(Fran\u00e7ais) Festival du Film Cor\u00e9en Nant\/Co : 2\u00e8 \u00e9dition<\/a>\n\t\t\t\t\t\t\t\t<\/h2>\n\t\t\t\t\t\t\t\t\t\t\t\t\t\t\t\t\t<div class=\"post-meta\">\n\t\t\t\t\t\t\t\t\t\t\t\t\t\t\t\t\t\t\t\t\t\t\t\t\t\t\t\t\t\t\t<span class=\"post-date\"><i class=\"fa fa-clock-o\"><\/i> <a\n\t\t\t\t\t\t\t\t\t\t\t\thref=\"https:\/\/www.printempscoreen.com\/KO\/2022\/10\/\">October 30 2022<\/a> <\/span>\n\t\t\t\t\t\t\t\t\t\t\t\t\t\t\t\t\t\t\t\t\t\t\t\t\t\t\t\t\t<\/div>\n\t\t\t\t\t\t\t\t\t\t\t\t\t\t\t<\/div>\n\t\t\t\t\t\t\t\t\t\t\t\t\t\t\t<p>No display<\/p>\n\t\t\t\t\t\t\t\t\t\t\t\t\t\t<a href=\"https:\/\/www.printempscoreen.com\/KO\/non-classe\/festival-du-film-coreen-nant-co-2e-edition\/\"\n\t\t\t\t\t\t\t   class=\"kc-post-2-button\">Lire la suite <i\n\t\t\t\t\t\t\t\t\tclass=\"fa fa-angle-right\" aria-hidden=\"true\"><\/i><\/a>\n\t\t\t\t\t\t\t\t\t\t\t\t\t<\/div>\n\t\t\t\t\t\t<div class=\"post-item-right\">\n\t\t\t\t\t\t\t<figure>\n\t\t\t\t\t\t\t\t<img decoding=\"async\" src=\"\"\n\t\t\t\t\t\t\t\t     alt=\"(Fran\u00e7ais) Festival du Film Cor\u00e9en Nant\/Co : 2\u00e8 \u00e9dition\">\n\t\t\t\t\t\t\t<\/figure>\n\t\t\t\t\t\t<\/div>\n\n\t\t\t\t\t\n\t\t\t\t<\/div>\n\n\t\t\t\t\n\t\t\t\t<div class=\"kc-list-item-2\">\n\n\t\t\t\t\t\t\t\t\t\t\t\t\t\t\t\t\t\t<div class=\"post-item-left\">\n\t\t\t\t\t\t\t\t<figure>\n\t\t\t\t\t\t\t\t\t<img decoding=\"async\" src=\"https:\/\/www.printempscoreen.com\/wp-content\/uploads\/2022\/05\/01-moines-bouddhistesDSC_0187-543x304xct.jpg\"\n\t\t\t\t\t\t\t\t\t     alt=\"(Fran\u00e7ais) Soir\u00e9e d&#8217;ouverture de la 9\u00e8 \u00e9dition de Printemps Cor\u00e9en\">\n\t\t\t\t\t\t\t\t<\/figure>\n\t\t\t\t\t\t\t<\/div>\n\t\t\t\t\t\t\t\t\t\t\t\t<div class=\"post-item-right\">\n\t\t\t\t\t\t\t<div class=\"post_details\">\n\t\t\t\t\t\t\t\t<h2 class=\"post-title-alt\"><a\n\t\t\t\t\t\t\t\t\t\thref=\"https:\/\/www.printempscoreen.com\/KO\/non-classe\/soiree-douverture-de-la-9e-edition-de-printemps-coreen\/\"\n\t\t\t\t\t\t\t\t\t\ttitle=\"(Fran\u00e7ais) Soir\u00e9e d&#8217;ouverture de la 9\u00e8 \u00e9dition de Printemps Cor\u00e9en\">(Fran\u00e7ais) Soir\u00e9e d&#8217;ouverture de la 9\u00e8 \u00e9dition de Printemps Cor\u00e9en<\/a>\n\t\t\t\t\t\t\t\t<\/h2>\n\n\t\t\t\t\t\t\t\t\t\t\t\t\t\t\t\t\t<div class=\"post-meta\">\n\t\t\t\t\t\t\t\t\t\t\t\t\t\t\t\t\t\t\t\t\t\t\t\t\t\t\t\t\t\t\t<span class=\"post-date\"><i class=\"fa fa-clock-o\"><\/i> <a\n\t\t\t\t\t\t\t\t\t\t\t\thref=\"https:\/\/www.printempscoreen.com\/KO\/2022\/06\/\">June 3 2022<\/a> <\/span>\n\t\t\t\t\t\t\t\t\t\t\t\t\t\t\t\t\t\t\t\t\t\t\t\t\t\t\t\t\t<\/div>\n\t\t\t\t\t\t\t\t\t\t\t\t\t\t\t<\/div>\n\t\t\t\t\t\t\t\t\t\t\t\t\t\t\t<p>No display<\/p>\n\t\t\t\t\t\t\t\t\t\t\t\t\t\t<a href=\"https:\/\/www.printempscoreen.com\/KO\/non-classe\/soiree-douverture-de-la-9e-edition-de-printemps-coreen\/\"\n\t\t\t\t\t\t\t   class=\"kc-post-2-button\">Lire la suite <i\n\t\t\t\t\t\t\t\t\tclass=\"fa fa-angle-right\" aria-hidden=\"true\"><\/i><\/a>\n\t\t\t\t\t\t\t\t\t\t\t\t\t<\/div>\n\n\t\t\t\t\t\n\t\t\t\t<\/div>\n\n\t\t\t\t\n\t\t\t\t<div class=\"kc-list-item-2\">\n\n\t\t\t\t\t\n\t\t\t\t\t\t<div class=\"post-item-left\">\n\t\t\t\t\t\t\t<div class=\"post_details\">\n\t\t\t\t\t\t\t\t<h2 class=\"post-title-alt\"><a\n\t\t\t\t\t\t\t\t\t\thref=\"https:\/\/www.printempscoreen.com\/KO\/non-classe\/jae-won-ryu-ses-amis-hyeong-suk-kim-e-joung-ju-sun-hyuk-ryu\/\"\n\t\t\t\t\t\t\t\t\t\ttitle=\"(Fran\u00e7ais) Jae-Won RYU &#038; ses amis Hyeong-Suk KIM # E\u2019 Joung-Ju # Sun Hyuk RYU\">(Fran\u00e7ais) Jae-Won RYU &#038; ses amis Hyeong-Suk KIM # E\u2019 Joung-Ju # Sun Hyuk RYU<\/a>\n\t\t\t\t\t\t\t\t<\/h2>\n\t\t\t\t\t\t\t\t\t\t\t\t\t\t\t\t\t<div class=\"post-meta\">\n\t\t\t\t\t\t\t\t\t\t\t\t\t\t\t\t\t\t\t\t\t\t\t\t\t\t\t\t\t\t\t<span class=\"post-date\"><i class=\"fa fa-clock-o\"><\/i> <a\n\t\t\t\t\t\t\t\t\t\t\t\thref=\"https:\/\/www.printempscoreen.com\/KO\/2022\/03\/\">March 21 2022<\/a> <\/span>\n\t\t\t\t\t\t\t\t\t\t\t\t\t\t\t\t\t\t\t\t\t\t\t\t\t\t\t\t\t<\/div>\n\t\t\t\t\t\t\t\t\t\t\t\t\t\t\t<\/div>\n\t\t\t\t\t\t\t\t\t\t\t\t\t\t\t<p>No display<\/p>\n\t\t\t\t\t\t\t\t\t\t\t\t\t\t<a href=\"https:\/\/www.printempscoreen.com\/KO\/non-classe\/jae-won-ryu-ses-amis-hyeong-suk-kim-e-joung-ju-sun-hyuk-ryu\/\"\n\t\t\t\t\t\t\t   class=\"kc-post-2-button\">Lire la suite <i\n\t\t\t\t\t\t\t\t\tclass=\"fa fa-angle-right\" aria-hidden=\"true\"><\/i><\/a>\n\t\t\t\t\t\t\t\t\t\t\t\t\t<\/div>\n\t\t\t\t\t\t<div class=\"post-item-right\">\n\t\t\t\t\t\t\t<figure>\n\t\t\t\t\t\t\t\t<img decoding=\"async\" src=\"https:\/\/www.printempscoreen.com\/wp-content\/uploads\/2022\/03\/3-web-e1647862128314-543x304xct.jpg\"\n\t\t\t\t\t\t\t\t     alt=\"(Fran\u00e7ais) Jae-Won RYU &#038; ses amis Hyeong-Suk KIM # E\u2019 Joung-Ju # Sun Hyuk RYU\">\n\t\t\t\t\t\t\t<\/figure>\n\t\t\t\t\t\t<\/div>\n\n\t\t\t\t\t\n\t\t\t\t<\/div>\n\n\t\t\t\t\n\t\t\t\t<div class=\"kc-list-item-2\">\n\n\t\t\t\t\t\t\t\t\t\t\t\t\t\t\t\t\t\t<div class=\"post-item-left\">\n\t\t\t\t\t\t\t\t<figure>\n\t\t\t\t\t\t\t\t\t<img decoding=\"async\" src=\"https:\/\/www.printempscoreen.com\/wp-content\/uploads\/2019\/04\/Jaehyun-An-CHUNG-Youjin-web-543x304xct.jpg\"\n\t\t\t\t\t\t\t\t\t     alt=\"(Fran\u00e7ais) Revivez le concert d&#8217;ouverture\">\n\t\t\t\t\t\t\t\t<\/figure>\n\t\t\t\t\t\t\t<\/div>\n\t\t\t\t\t\t\t\t\t\t\t\t<div class=\"post-item-right\">\n\t\t\t\t\t\t\t<div class=\"post_details\">\n\t\t\t\t\t\t\t\t<h2 class=\"post-title-alt\"><a\n\t\t\t\t\t\t\t\t\t\thref=\"https:\/\/www.printempscoreen.com\/KO\/non-classe\/ouverture-du-festival-2019-2\/\"\n\t\t\t\t\t\t\t\t\t\ttitle=\"(Fran\u00e7ais) Revivez le concert d&#8217;ouverture\">(Fran\u00e7ais) Revivez le concert d&#8217;ouverture<\/a>\n\t\t\t\t\t\t\t\t<\/h2>\n\n\t\t\t\t\t\t\t\t\t\t\t\t\t\t\t\t\t<div class=\"post-meta\">\n\t\t\t\t\t\t\t\t\t\t\t\t\t\t\t\t\t\t\t\t\t\t\t\t\t\t\t\t\t\t\t<span class=\"post-date\"><i class=\"fa fa-clock-o\"><\/i> <a\n\t\t\t\t\t\t\t\t\t\t\t\thref=\"https:\/\/www.printempscoreen.com\/KO\/2019\/05\/\">May 24 2019<\/a> <\/span>\n\t\t\t\t\t\t\t\t\t\t\t\t\t\t\t\t\t\t\t\t\t\t\t\t\t\t\t\t\t<\/div>\n\t\t\t\t\t\t\t\t\t\t\t\t\t\t\t<\/div>\n\t\t\t\t\t\t\t\t\t\t\t\t\t\t\t<p>No display<\/p>\n\t\t\t\t\t\t\t\t\t\t\t\t\t\t<a href=\"https:\/\/www.printempscoreen.com\/KO\/non-classe\/ouverture-du-festival-2019-2\/\"\n\t\t\t\t\t\t\t   class=\"kc-post-2-button\">Lire la suite <i\n\t\t\t\t\t\t\t\t\tclass=\"fa fa-angle-right\" aria-hidden=\"true\"><\/i><\/a>\n\t\t\t\t\t\t\t\t\t\t\t\t\t<\/div>\n\n\t\t\t\t\t\n\t\t\t\t<\/div>\n\n\t\t\t\t\n\t\t\t\t<div class=\"kc-list-item-2\">\n\n\t\t\t\t\t\n\t\t\t\t\t\t<div class=\"post-item-left\">\n\t\t\t\t\t\t\t<div class=\"post_details\">\n\t\t\t\t\t\t\t\t<h2 class=\"post-title-alt\"><a\n\t\t\t\t\t\t\t\t\t\thref=\"https:\/\/www.printempscoreen.com\/KO\/non-classe\/ouverture-du-festival-2019\/\"\n\t\t\t\t\t\t\t\t\t\ttitle=\"(Fran\u00e7ais) Ouverture du festival 2019\">(Fran\u00e7ais) Ouverture du festival 2019<\/a>\n\t\t\t\t\t\t\t\t<\/h2>\n\t\t\t\t\t\t\t\t\t\t\t\t\t\t\t\t\t<div class=\"post-meta\">\n\t\t\t\t\t\t\t\t\t\t\t\t\t\t\t\t\t\t\t\t\t\t\t\t\t\t\t\t\t\t\t<span class=\"post-date\"><i class=\"fa fa-clock-o\"><\/i> <a\n\t\t\t\t\t\t\t\t\t\t\t\thref=\"https:\/\/www.printempscoreen.com\/KO\/2019\/04\/\">April 12 2019<\/a> <\/span>\n\t\t\t\t\t\t\t\t\t\t\t\t\t\t\t\t\t\t\t\t\t\t\t\t\t\t\t\t\t<\/div>\n\t\t\t\t\t\t\t\t\t\t\t\t\t\t\t<\/div>\n\t\t\t\t\t\t\t\t\t\t\t\t\t\t\t<p>No display<\/p>\n\t\t\t\t\t\t\t\t\t\t\t\t\t\t<a href=\"https:\/\/www.printempscoreen.com\/KO\/non-classe\/ouverture-du-festival-2019\/\"\n\t\t\t\t\t\t\t   class=\"kc-post-2-button\">Lire la suite <i\n\t\t\t\t\t\t\t\t\tclass=\"fa fa-angle-right\" aria-hidden=\"true\"><\/i><\/a>\n\t\t\t\t\t\t\t\t\t\t\t\t\t<\/div>\n\t\t\t\t\t\t<div class=\"post-item-right\">\n\t\t\t\t\t\t\t<figure>\n\t\t\t\t\t\t\t\t<img decoding=\"async\" src=\"https:\/\/www.printempscoreen.com\/wp-content\/uploads\/2019\/04\/Jaehyun-An-CHUNG-Youjin-web-543x304xct.jpg\"\n\t\t\t\t\t\t\t\t     alt=\"(Fran\u00e7ais) Ouverture du festival 2019\">\n\t\t\t\t\t\t\t<\/figure>\n\t\t\t\t\t\t<\/div>\n\n\t\t\t\t\t\n\t\t\t\t<\/div>\n\n\t\t\t\t\n\t\t\t\t<div class=\"kc-list-item-2\">\n\n\t\t\t\t\t\t\t\t\t\t\t\t\t\t\t\t\t\t<div class=\"post-item-left\">\n\t\t\t\t\t\t\t\t<figure>\n\t\t\t\t\t\t\t\t\t<img decoding=\"async\" src=\"https:\/\/www.printempscoreen.com\/wp-content\/uploads\/2018\/03\/flow-543x304xct.jpg\"\n\t\t\t\t\t\t\t\t\t     alt=\"Bonjour tout le monde\u00a0!\">\n\t\t\t\t\t\t\t\t<\/figure>\n\t\t\t\t\t\t\t<\/div>\n\t\t\t\t\t\t\t\t\t\t\t\t<div class=\"post-item-right\">\n\t\t\t\t\t\t\t<div class=\"post_details\">\n\t\t\t\t\t\t\t\t<h2 class=\"post-title-alt\"><a\n\t\t\t\t\t\t\t\t\t\thref=\"https:\/\/www.printempscoreen.com\/KO\/non-classe\/bonjour-tout-le-monde-2-2\/\"\n\t\t\t\t\t\t\t\t\t\ttitle=\"Bonjour tout le monde\u00a0!\">Bonjour tout le monde\u00a0!<\/a>\n\t\t\t\t\t\t\t\t<\/h2>\n\n\t\t\t\t\t\t\t\t\t\t\t\t\t\t\t\t\t<div class=\"post-meta\">\n\t\t\t\t\t\t\t\t\t\t\t\t\t\t\t\t\t\t\t\t\t\t\t\t\t\t\t\t\t\t\t<span class=\"post-date\"><i class=\"fa fa-clock-o\"><\/i> <a\n\t\t\t\t\t\t\t\t\t\t\t\thref=\"https:\/\/www.printempscoreen.com\/KO\/2018\/03\/\">March 25 2018<\/a> <\/span>\n\t\t\t\t\t\t\t\t\t\t\t\t\t\t\t\t\t\t\t\t\t\t\t\t\t\t\t\t\t<\/div>\n\t\t\t\t\t\t\t\t\t\t\t\t\t\t\t<\/div>\n\t\t\t\t\t\t\t\t\t\t\t\t\t\t\t<p>Keda &#038; la Cie Linga : cr\u00e9ation du spectacle Flow Retour aux actualit\u00e9s Bienvenue sur WordPress. Ceci est votre premier article. Modifiez-le ou supprimez-le, puis lancez-vous\u00a0! Sed fruatur sane hoc solacio atque hanc insignem ignominiam,&hellip;<\/p>\n\t\t\t\t\t\t\t\t\t\t\t\t\t\t<a href=\"https:\/\/www.printempscoreen.com\/KO\/non-classe\/bonjour-tout-le-monde-2-2\/\"\n\t\t\t\t\t\t\t   class=\"kc-post-2-button\">Lire la suite <i\n\t\t\t\t\t\t\t\t\tclass=\"fa fa-angle-right\" aria-hidden=\"true\"><\/i><\/a>\n\t\t\t\t\t\t\t\t\t\t\t\t\t<\/div>\n\n\t\t\t\t\t\n\t\t\t\t<\/div>\n\n\t\t\t\t\n\t\n<\/div>\n<\/div><\/div><\/div><\/div><\/section><\/p>","protected":false},"excerpt":{"rendered":"","protected":false},"author":1,"featured_media":0,"parent":0,"menu_order":0,"comment_status":"closed","ping_status":"closed","template":"fullwidth-page.php","meta":{"footnotes":""},"aioseo_notices":[],"_links":{"self":[{"href":"https:\/\/www.printempscoreen.com\/KO\/wp-json\/wp\/v2\/pages\/155"}],"collection":[{"href":"https:\/\/www.printempscoreen.com\/KO\/wp-json\/wp\/v2\/pages"}],"about":[{"href":"https:\/\/www.printempscoreen.com\/KO\/wp-json\/wp\/v2\/types\/page"}],"author":[{"embeddable":true,"href":"https:\/\/www.printempscoreen.com\/KO\/wp-json\/wp\/v2\/users\/1"}],"replies":[{"embeddable":true,"href":"https:\/\/www.printempscoreen.com\/KO\/wp-json\/wp\/v2\/comments?post=155"}],"version-history":[{"count":20,"href":"https:\/\/www.printempscoreen.com\/KO\/wp-json\/wp\/v2\/pages\/155\/revisions"}],"predecessor-version":[{"id":1188,"href":"https:\/\/www.printempscoreen.com\/KO\/wp-json\/wp\/v2\/pages\/155\/revisions\/1188"}],"wp:attachment":[{"href":"https:\/\/www.printempscoreen.com\/KO\/wp-json\/wp\/v2\/media?parent=155"}],"curies":[{"name":"wp","href":"https:\/\/api.w.org\/{rel}","templated":true}]}}